{"id":96,"date":"2024-06-24T16:37:47","date_gmt":"2024-06-24T16:37:47","guid":{"rendered":"https:\/\/ecoledetecredof.parisnanterre.fr\/?page_id=96"},"modified":"2024-06-24T16:37:47","modified_gmt":"2024-06-24T16:37:47","slug":"edition-2020-libertes-publiques-et-etat-durgence","status":"publish","type":"page","link":"https:\/\/ecoledetecredof.parisnanterre.fr\/index.php\/edition-2020-libertes-publiques-et-etat-durgence\/","title":{"rendered":"\u00c9dition 2020 : Libert\u00e9s publiques et \u00e9tat d&rsquo;urgence"},"content":{"rendered":"<div class=\"wp-block-image\">\n<figure class=\"aligncenter size-full\"><img loading=\"lazy\" decoding=\"async\" width=\"394\" height=\"394\" src=\"https:\/\/ecoledetecredof.parisnanterre.fr\/wp-content\/uploads\/2024\/06\/image-1.png\" alt=\"\" class=\"wp-image-97\" srcset=\"https:\/\/ecoledetecredof.parisnanterre.fr\/wp-content\/uploads\/2024\/06\/image-1.png 394w, https:\/\/ecoledetecredof.parisnanterre.fr\/wp-content\/uploads\/2024\/06\/image-1-300x300.png 300w, https:\/\/ecoledetecredof.parisnanterre.fr\/wp-content\/uploads\/2024\/06\/image-1-150x150.png 150w\" sizes=\"auto, (max-width: 394px) 100vw, 394px\" \/><\/figure>\n<\/div>\n\n\n<p>Le\u00a0<strong>th\u00e8me des droits humains<\/strong>\u00a0est en plein essor et soul\u00e8ve des enjeux fondamentaux particuli\u00e8rement actuels si l\u2019on en croit les \u00e9volutions politiques r\u00e9centes \u00e0 travers le monde. Il est en outre un th\u00e8me transversal\u00a0: il ne se limite pas \u00e0 un espace g\u00e9ographique sp\u00e9cifique et son enti\u00e8re appr\u00e9hension emporte tous les domaines des sciences humaines et sociales.<\/p>\n\n\n\n<p>Devant l\u2019inad\u00e9quation des formats d\u2019enseignement traditionnels en France, le\u00a0<em>Centre de Recherche et d\u2019\u00c9tudes sur les Droits Fondamentaux<\/em>\u00a0(CREDOF), centre de r\u00e9f\u00e9rence en France, marque sa volont\u00e9 de cr\u00e9er une prise de conscience collective sur la n\u00e9cessit\u00e9 de porter une r\u00e9flexion approfondie et g\u00e9n\u00e9rale sur les droits humains. Par la constitution d\u2019une \u00c9cole th\u00e9matique, il se propose d\u2019offrir\u00a0<strong>une rencontre annuelle favorisant le partage et le transfert de savoirs th\u00e9oriques et m\u00e9thodologiques de toutes disciplines sur les droits humains<\/strong>\u00a0et, en encourageant l\u2019interactivit\u00e9 de l\u2019ensemble des participant-es et intervenant-es, de faire \u00e9merger une communaut\u00e9 de chercheurs de haut niveau initi\u00e9s aux questions des droits humains.<\/p>\n\n\n\n<p>Arriv\u00e9e des participant-es pour le d\u00e9jeuner jeudi 27 ao\u00fbt 2020<\/p>\n\n\n\n<p><strong><em>Jeudi apr\u00e8s-midi<\/em><\/strong><\/p>\n\n\n\n<p>Introduction des 4 jours et tour de table pour une pr\u00e9sentation des participant-es.<\/p>\n\n\n\n<ul class=\"wp-block-list\">\n<li><strong>15h-16h30<\/strong>\u00a0: Cours g\u00e9n\u00e9ral<\/li>\n<\/ul>\n\n\n\n<p><em>\u00c9tat des lieux des libert\u00e9s politiques en France, en Europe et dans le monde<\/em>. Pr\u00e9sentation de l\u2019esprit g\u00e9n\u00e9ral des journ\u00e9es.<\/p>\n\n\n\n<p>Dans cette premi\u00e8re s\u00e9ance introductive, l\u2019ensemble des intervenant-es viendront exprimer l\u2019\u00e9tat d\u2019esprit de cette \u00e9cole d\u2019\u00e9t\u00e9 du CREDOF, r\u00e9solument engag\u00e9e et critique sur l\u2019\u00e9volution r\u00e9pressive des libert\u00e9s politiques. Ces derni\u00e8res ann\u00e9es elles sont de plus en plus tiraill\u00e9es par les logiques s\u00e9curitaires, le d\u00e9sinvestissement de l\u2019autorit\u00e9 publique au profit d\u2019acteurs priv\u00e9s ou par des partenariats priv\u00e9s, la multiplications des \u00ab&nbsp;crises&nbsp;\u00bb (sociales, \u00e9conomiques, migratoires) et l\u2019effet des \u00e9tats d\u2019exception comme l\u2019\u00e9tat d\u2019urgence ou ses prolongements.&nbsp; &nbsp;&nbsp;<\/p>\n\n\n\n<ul class=\"wp-block-list\">\n<li><strong>17h-19h\u00a0:<\/strong>\u00a0Atelier 1\u00a0<\/li>\n<\/ul>\n\n\n\n<p>Atelier lecture sur la th\u00e9orie des droits fondamentaux, dirig\u00e9 par V\u00e9ronique Champeil-Desplats et St\u00e9phanie Hennette-Vauchez, Universit\u00e9 Paris Nanterre (CREDOF)<\/p>\n\n\n\n<p>Dans un ouvrage intitul\u00e9&nbsp;<em>Th\u00e9orie g\u00e9n\u00e9rale des droits et libert\u00e9s \u2013 Perspective analytique,&nbsp;<\/em>V\u00e9ronique Champeil-Desplats propose des pistes de r\u00e9flexion sur les fondements, les garanties et l\u2019objet m\u00eame \u00ab&nbsp;droits humains&nbsp;\u00bb&nbsp; en exposant la diversit\u00e9 des conceptions qui traverse la pens\u00e9e juridique. C\u2019est \u00e0 partir d\u2019un corpus de textes doctrinaux qu\u2019elle pr\u00e9sentera ces diverses conceptions lors de cet atelier.<\/p>\n\n\n\n<p><strong>Soir&nbsp;:&nbsp;<\/strong>projection d\u2019un film ou d\u2019un documentaire, suivi d\u2019un d\u00e9bat.<\/p>\n\n\n\n<p><strong><em>Vendredi matin<\/em><\/strong><\/p>\n\n\n\n<ul class=\"wp-block-list\">\n<li><strong>09h-10h30<\/strong>\u00a0: Cours g\u00e9n\u00e9ral<\/li>\n<\/ul>\n\n\n\n<p><em>Ce qui reste de l\u2019\u00e9tat d\u2019urgence<\/em>, Serge Slama, Universit\u00e9 Grenoble-Alpes, CESICE<\/p>\n\n\n\n<p>Dans le cadre d\u2019une \u00e9tude remise au D\u00e9fenseur des droits sur \u00ab&nbsp;Ce qui reste(ra) de l\u2019urgence&nbsp;\u00bb, le CREDOF a fait le constat que la libert\u00e9 de manifestation a \u00e9t\u00e9, d\u00e8s les premiers jours de l\u2019\u00e9tat d\u2019urgence de 2015, l\u2019une des libert\u00e9s les plus impact\u00e9es par cet \u00e9tat d\u2019exception avec non seulement de nombreuses interdictions pr\u00e9ventives de manifestation collectives mais aussi l\u2019apparition d\u2019interdiction individuelle de manifester prise dans le cadre des pouvoirs de police sp\u00e9ciaux attribu\u00e9s aux pr\u00e9fets par la loi de 1955 (interdictions de s\u00e9jour). Or, ce constat se prolonge depuis la fin de l\u2019\u00e9tat d\u2019urgence, particuli\u00e8rement dans le cadre de la r\u00e9pression du mouvement des \u00ab&nbsp;Gilets jaunes&nbsp;\u00bb, avec des interpellations de plus en plus en pr\u00e9ventive, instrumentalisant le droit p\u00e9nal et la proc\u00e9dure p\u00e9nale, mais aussi une police administrative de plus en plus r\u00e9pressive, utilisant des m\u00e9thodes de maintien de l\u2019ordre disproportionn\u00e9e et visant \u00e0 effrayer les manifestants pacifiques pour les dissuader de prendre part \u00e0 la contestation.<\/p>\n\n\n\n<ul class=\"wp-block-list\">\n<li><strong>11h-12h30\u00a0<\/strong>: Cours de m\u00e9thodologie<\/li>\n<\/ul>\n\n\n\n<p><em>Migrations&nbsp;: ce que la science politique apporte \u00e0 la connaissance des mobilit\u00e9s<\/em>, Catherine Wihtol de Wenden (directrice de recherche \u00e9m\u00e9rite au CNRS)&nbsp;<\/p>\n\n\n\n<p>Longtemps, la science politique s\u2019est peu int\u00e9ress\u00e9e aux migrations internationales car il s\u2019agissait d\u2019un th\u00e8me trait\u00e9 surtout dans le champ social et la cat\u00e9gorie des mobilit\u00e9s migratoires comme champ d\u2019analyse y \u00e9tait absente. C\u2019est avec la politisation de la question migratoire, au tournant des ann\u00e9es 1980, tant dans la vie politique interne qu\u2019internationale que la th\u00e9matique des mobilit\u00e9s migratoires s\u2019est impos\u00e9e, questionnant les fronti\u00e8res, l\u2019Etat nation dans sa capacit\u00e9 \u00e0 les contr\u00f4ler, et \u00e0 d\u00e9finir une identit\u00e9 cosmopolitique ou un vivre ensemble coh\u00e9rent, \u00e0 \u00e9tablir une diplomatie des migrations avec les pays du sud et \u00e0 red\u00e9finir les contours d\u2019une citoyennet\u00e9 faite de mobilit\u00e9, d\u2019all\u00e9geances multiples, de double nationalit\u00e9 et de transnationalisme.<\/p>\n\n\n\n<p>D\u00e9jeuner de&nbsp;<strong>12h30-14h&nbsp;<\/strong><\/p>\n\n\n\n<p><strong><em>Vendredi apr\u00e8s-midi<\/em><\/strong><\/p>\n\n\n\n<ul class=\"wp-block-list\">\n<li><strong>14h-16h<\/strong>\u00a0: Atelier 2\u00a0<\/li>\n<\/ul>\n\n\n\n<p>Analyse de la pratique juridique \u2013 \u00ab&nbsp;Les espaces interdits \u00e0 la contestation sociale \u00bb, dirig\u00e9 par Serge Slama, Universit\u00e9 Grenoble-Alpes, CESICE<\/p>\n\n\n\n<p>Durant l\u2019\u00e9tat d\u2019urgence et le mouvement des \u00ab&nbsp;Gilets jaunes&nbsp;\u00bb, les autorit\u00e9s publiques ont multipli\u00e9 les arr\u00eat\u00e9s visant \u00e0 interdire certains centres villes \u00e0 toute manifestation, d\u00e9clar\u00e9e ou non, afin d\u2019\u00e9loigner la contestation sociale des grands centres urbains transform\u00e9s en fan zone touristique. Pour faire respecter des interdictions, les forces de police ont multipli\u00e9, sur r\u00e9quisitions des Parquets ou sur le fondement d\u2019arr\u00eat\u00e9s pr\u00e9fectoraux, les contr\u00f4les, fouilles et interpellations pr\u00e9ventifs dans les transports ou dans la rue et ont dress\u00e9 des contraventions.<\/p>\n\n\n\n<p>L\u2019id\u00e9e de l\u2019atelier est de collecter un maximum de ces arr\u00eat\u00e9s \u00e9dict\u00e9s ces derni\u00e8res ann\u00e9es sur les sites des pr\u00e9fectures et, le cas \u00e9ch\u00e9ant, les d\u00e9cisions rendues par les tribunaux administratifs, et de les analyser collectivement pour \u00e9tablir une cartographie des espaces interdits \u00e0 la contestation et les modalit\u00e9s juridiques utilis\u00e9es \u00e0 cette fin.<\/p>\n\n\n\n<ul class=\"wp-block-list\">\n<li><strong>16h30-18h30\u00a0:\u00a0<\/strong>Atelier 3\u00a0<\/li>\n<\/ul>\n\n\n\n<p>Retour d\u2019exp\u00e9rience&nbsp;\u2013 \u00ab&nbsp;Un g\u00e9ographe au tribunal. Droit et sciences sociales dans la mobilisation contre le projet Europacity&nbsp;\u00bb, dirig\u00e9 par St\u00e9phane Tonnelat (CNRS, UMR 7281 LAVUE)<\/p>\n\n\n\n<p><strong>(D\u00e9roul\u00e9&nbsp;: laisser quelques lignes)<\/strong><\/p>\n\n\n\n<p><strong>Soir&nbsp;:&nbsp;<\/strong>projection d\u2019un film ou d\u2019un documentaire, suivi d\u2019un d\u00e9bat.<\/p>\n\n\n\n<p><strong><em>Samedi matin<\/em><\/strong><\/p>\n\n\n\n<ul class=\"wp-block-list\">\n<li><strong>09h-10h30<\/strong>\u00a0: Cours g\u00e9n\u00e9ral<\/li>\n<\/ul>\n\n\n\n<p><em>Ce qui reste de l\u2019\u00e9tat d\u2019urgence<\/em>, Serge Slama, Universit\u00e9 Grenoble-Alpes, CESICE<\/p>\n\n\n\n<p>L\u2019\u00e9tat d\u2019urgence de 2015 \u2013 2017 n\u2019a pas affect\u00e9 que la libert\u00e9 de manifestation et les libert\u00e9s collectives. Durant 2 ans, ce sont 10 000 mesures qui ont \u00e9t\u00e9 adopt\u00e9es (assignations \u00e0 r\u00e9sidence, perquisitions et saisies administratives, interdictions de s\u00e9jour, zone de protection et de s\u00e9curit\u00e9, etc.) qui ont cibl\u00e9 des personnes sur la base de crit\u00e8res peu avouables (pratiques religieuses ou politiques, origine ou nationalit\u00e9), en reposant sur des biais de genre et avec des techniques de surveillance et de preuve (notes blanches) dessinant une v\u00e9ritable police de la fr\u00e9quentation. Cette p\u00e9riode a aussi mis en exergue le d\u00e9veloppement d\u2019une police administrative de plus en plus pr\u00e9dictive, d\u00e9j\u00e0 perceptible depuis les affaires&nbsp;<em>M\u2019Bala M\u2019Bala et AGRIF<\/em>, visant \u00e0 pr\u00e9venir la commission ou la r\u00e9cidive d\u2019infraction.<\/p>\n\n\n\n<p>Or ces logiques \u00e0 l\u2019\u0153uvre durant l\u2019\u00e9tat d\u2019urgence se prolongent depuis non seulement dans la loi SILT du 30 octobre 2017 mais aussi dans la r\u00e9pression du mouvement des \u00ab&nbsp;Gilets jaunes&nbsp;\u00bb. On retrouve aussi des logiques similaires s\u2019agissant du contr\u00f4le des groupes de supporters (interdictions de stade, interdictions de d\u00e9placement, dissolution de groupes) ou en droit des \u00e9trangers.<\/p>\n\n\n\n<ul class=\"wp-block-list\">\n<li><strong>11h-12h30\u00a0<\/strong>: Cours de m\u00e9thodologie<\/li>\n<\/ul>\n\n\n\n<p><em>Analyse sociologique des d\u00e9cisions judiciaires<\/em>, Antoine Vauchez (directeur de recherche au CNRS)<\/p>\n\n\n\n<p><strong>(D\u00e9roul\u00e9&nbsp;: laisser quelques lignes)<\/strong><\/p>\n\n\n\n<p>D\u00e9jeuner de&nbsp;<strong>12h30-14h&nbsp;<\/strong><\/p>\n\n\n\n<p><strong><em>Samedi apr\u00e8s-midi<\/em><\/strong><\/p>\n\n\n\n<ul class=\"wp-block-list\">\n<li><strong>14h-16h<\/strong>\u00a0: Atelier 4\u00a0<\/li>\n<\/ul>\n\n\n\n<p>Atelier lecture sur la th\u00e9orie de la non-discrimination, dirig\u00e9 par Elsa Fondimare et St\u00e9phanie Hennette-Vauchez (CREDOF)<\/p>\n\n\n\n<p>Partant d\u2019une analyse des diff\u00e9rentes notions du droit de la non-discrimination, l\u2019atelier vise \u00e0 montrer comment celles-ci entrent en contradiction dans le droit positif.<\/p>\n\n\n\n<ul class=\"wp-block-list\">\n<li><strong>16h30-18h30\u00a0:\u00a0<\/strong>Atelier 5<\/li>\n<\/ul>\n\n\n\n<p>Atelier&nbsp;lecture \u00c9pist\u00e9mologie des droits humains&nbsp;: \u00ab&nbsp;La construction d\u2019un champ disciplinaire&nbsp;: entre science et utopie&nbsp;\u00bb, dirig\u00e9 par Anne-Charlotte Martineau (CNRS) et Jeanne de Gliniasty (CREDOF)<\/p>\n\n\n\n<p>Cet atelier part du constat selon lequel&nbsp;les droits humains semblent aujourd\u2019hui avoir acquis le statut de normes ultimes, \u00e0 l\u2019aune desquelles les pratiques des \u00c9tats, des entreprises ou des communaut\u00e9s sont \u00e9valu\u00e9es et critiqu\u00e9es. Ils constituent \u00e9galement un discours sur lequel de nombreuses revendications sociales prennent appui. Comment ont-ils gagn\u00e9 cette place quasi-h\u00e9g\u00e9monique, quelles sont les causes historiques de cette \u00e9volution&nbsp;? A partir d\u2019auteurs qui ont interrog\u00e9 la construction des savoirs, des disciplines, des \u00ab&nbsp;paradigmes&nbsp;\u00bb (T. Kuhn, M. Foucault) ou d\u2019autres qui ont dit l\u2019 \u00ab&nbsp;invention&nbsp;\u00bb des droits de l\u2019Homme (Lynn Hunt), il sera propos\u00e9 de remettre en question la construction des droits humains comme champ disciplinaire, en lieu et place d\u2019autres projets universalistes. Les droits humains sont-ils la \u00ab&nbsp;derni\u00e8re utopie&nbsp;\u00bb&nbsp;? C\u2019est en tout cas ce que sugg\u00e8re le titre d\u2019un ouvrage de l\u2019historien am\u00e9ricain Samuel Moyn, dont les th\u00e8ses seront l\u2019objet d\u2019une analyse approfondie.<\/p>\n\n\n\n<p><strong>Soir&nbsp;:&nbsp;<\/strong>projection d\u2019un film ou d\u2019un documentaire, suivi d\u2019un d\u00e9bat.<\/p>\n\n\n\n<p><strong><em>Dimanche-matin<\/em><\/strong><\/p>\n\n\n\n<ul class=\"wp-block-list\">\n<li><strong>9h-10h30<\/strong>\u00a0: Cours g\u00e9n\u00e9ral<\/li>\n<\/ul>\n\n\n\n<p><em>Les libert\u00e9s politiques \u00e0 l\u2019heure des nouvelles technologies de tra\u00e7abilit\u00e9 et de surveillance,&nbsp;<\/em>Serge Slama, Universit\u00e9 Grenoble-Alpes, CESICE<\/p>\n\n\n\n<p>Dans son dernier roman dystopique,&nbsp;<em>les Furtifs<\/em>, Alain Damasio anticipe une soci\u00e9t\u00e9 de la trace&nbsp;o\u00f9 le technococon a affin\u00e9 ses prises sur nos existences. Une bague interface nos rapports au monde en offrant \u00e0 chaque individu son alter ego num\u00e9rique, sous forme d\u2019IA personnalis\u00e9e. Partout o\u00f9 cela s\u2019av\u00e8re rentable, les villes ont \u00e9t\u00e9 rachet\u00e9es par des multinationales pour \u00eatre g\u00e9r\u00e9es en zones standard, premium et privil\u00e8ge selon le forfait dont le citoyen s\u2019acquitte. La bague au doigt, ceux-ci sont tout \u00e0 fait libres et parfaitement trac\u00e9s, soumis au r\u00e9gime d\u2019auto-ali\u00e9nation consentant propre au raffinement du capitalisme cognitif.<\/p>\n\n\n\n<p>Une telle \u00e9volution n\u2019est pas qu\u2019imaginaire : en Chine les techniques de vid\u00e9osurveillance, coupl\u00e9e \u00e0 des algorithmes, permettent d\u00e9j\u00e0 d\u2019effectuer un contr\u00f4le et un classement social permanent des habitants des grandes villes et un acc\u00e8s diff\u00e9renci\u00e9 aux services publics. L\u2019affaire&nbsp;<em>Cambridge Analytica<\/em>&nbsp;a mis en \u00e9vidence \u00e9galement les capacit\u00e9s de ces entreprises, alli\u00e9es des courants conservateurs, \u00e0 analyser les donn\u00e9es sur les r\u00e9seaux sociaux et \u00e0 dresser des profils pour influencer les citoyens dans leur vote.<\/p>\n\n\n\n<p>Ce dernier cours permettra de r\u00e9fl\u00e9chir \u00e0 l\u2019impact des nouvelles technologies sur l\u2019exercice des libert\u00e9s politiques.<\/p>\n\n\n\n<ul class=\"wp-block-list\">\n<li><strong>11h-12h30\u00a0<\/strong>: Atelier 6<\/li>\n<\/ul>\n\n\n\n<p>Atelier lecture sur les droits reproductifs dirig\u00e9 Laurie Marguet, Universit\u00e9 Paris Est-Cr\u00e9teil (MIL)<\/p>\n\n\n\n<p><strong>(D\u00e9roul\u00e9&nbsp;: laisser quelques lignes)<\/strong><\/p>\n\n\n\n<p>D\u00e9jeuner de&nbsp;<strong>12h30-14h&nbsp;<\/strong><\/p>\n\n\n\n<p><em>D\u00e9part des participants dimanche 30 ao\u00fbt 2020<\/em><\/p>\n","protected":false},"excerpt":{"rendered":"<p>Le\u00a0th\u00e8me des droits humains\u00a0est en plein essor et soul\u00e8ve des enjeux fondamentaux particuli\u00e8rement actuels si l\u2019on en croit les \u00e9volutions politiques r\u00e9centes \u00e0 travers le monde. Il est en outre un th\u00e8me transversal\u00a0: il ne se limite pas \u00e0 un espace g\u00e9ographique sp\u00e9cifique et son enti\u00e8re appr\u00e9hension emporte tous les domaines des sciences humaines et&#8230;<\/p>\n","protected":false},"author":1,"featured_media":0,"parent":0,"menu_order":0,"comment_status":"closed","ping_status":"closed","template":"","meta":{"_kad_blocks_custom_css":"","_kad_blocks_head_custom_js":"","_kad_blocks_body_custom_js":"","_kad_blocks_footer_custom_js":"","_kad_post_transparent":"","_kad_post_title":"","_kad_post_layout":"","_kad_post_sidebar_id":"","_kad_post_content_style":"","_kad_post_vertical_padding":"","_kad_post_feature":"","_kad_post_feature_position":"","_kad_post_header":false,"_kad_post_footer":false,"_kad_post_classname":"","footnotes":""},"class_list":["post-96","page","type-page","status-publish","hentry"],"taxonomy_info":[],"featured_image_src_large":false,"author_info":{"display_name":"admin","author_link":"https:\/\/ecoledetecredof.parisnanterre.fr\/index.php\/author\/hsergent\/"},"comment_info":0,"_links":{"self":[{"href":"https:\/\/ecoledetecredof.parisnanterre.fr\/index.php\/wp-json\/wp\/v2\/pages\/96","targetHints":{"allow":["GET"]}}],"collection":[{"href":"https:\/\/ecoledetecredof.parisnanterre.fr\/index.php\/wp-json\/wp\/v2\/pages"}],"about":[{"href":"https:\/\/ecoledetecredof.parisnanterre.fr\/index.php\/wp-json\/wp\/v2\/types\/page"}],"author":[{"embeddable":true,"href":"https:\/\/ecoledetecredof.parisnanterre.fr\/index.php\/wp-json\/wp\/v2\/users\/1"}],"replies":[{"embeddable":true,"href":"https:\/\/ecoledetecredof.parisnanterre.fr\/index.php\/wp-json\/wp\/v2\/comments?post=96"}],"version-history":[{"count":1,"href":"https:\/\/ecoledetecredof.parisnanterre.fr\/index.php\/wp-json\/wp\/v2\/pages\/96\/revisions"}],"predecessor-version":[{"id":98,"href":"https:\/\/ecoledetecredof.parisnanterre.fr\/index.php\/wp-json\/wp\/v2\/pages\/96\/revisions\/98"}],"wp:attachment":[{"href":"https:\/\/ecoledetecredof.parisnanterre.fr\/index.php\/wp-json\/wp\/v2\/media?parent=96"}],"curies":[{"name":"wp","href":"https:\/\/api.w.org\/{rel}","templated":true}]}}