{"id":94,"date":"2024-06-24T16:39:21","date_gmt":"2024-06-24T16:39:21","guid":{"rendered":"https:\/\/ecoledetecredof.parisnanterre.fr\/?page_id=94"},"modified":"2024-06-24T16:39:21","modified_gmt":"2024-06-24T16:39:21","slug":"edition-2022-methodologies-critiques-des-droits-humains","status":"publish","type":"page","link":"https:\/\/ecoledetecredof.parisnanterre.fr\/index.php\/edition-2022-methodologies-critiques-des-droits-humains\/","title":{"rendered":"\u00c9dition 2022 : M\u00e9thodologies critiques des droits humains"},"content":{"rendered":"\n<p>Fort du succ\u00e8s de la premi\u00e8re \u00e9dition en&nbsp;ao\u00fbt&nbsp;2020 (articul\u00e9e \u00e0 la th\u00e9matique des \u00e9tats d\u2019urgence) le CREDOF (Centre de recherches et d\u2019\u00e9tudes sur droits fondamentaux) de l\u2019Universit\u00e9 Paris Nanterre&nbsp;renouvelle son \u00e9cole d\u2019\u00e9t\u00e9 des droits humains sur le th\u00e8me :<\/p>\n\n\n\n<h4 class=\"wp-block-heading\"><strong>\u00ab M\u00c9THODOLOGIES CRITIQUES DES DROITS HUMAINS \u00bb<\/strong><\/h4>\n\n\n\n<p>Les doctorant.es, docteur.es et jeunes chercheur.ses sont invit\u00e9.es<a href=\"http:\/\/xn--invit-fsa.es\/\"><\/a>, durant 5 jours de formation immersive dans un chalet en Savoie \u00e0 la fin d\u2019ao\u00fbt 2022, \u00e0 approfondir leur r\u00e9flexion&nbsp;autour de l\u2019apport, de l\u2019int\u00e9r\u00eat et de l\u2019utilit\u00e9 d\u2019un certain nombre d\u2019outils conceptuels critiques \u00e0 l\u2019\u00e9tude du droit des droits humains.<\/p>\n\n\n\n<p>Cette \u00e9cole d\u2019\u00e9t\u00e9 se donne pour ambition de proposer un moment de r\u00e9flexion, de formation et d\u2019approfondissement autour de l\u2019apport, de l\u2019int\u00e9r\u00eat et de l\u2019utilit\u00e9 d\u2019un certain nombre d\u2019outils conceptuels critiques \u00e0 l\u2019\u00e9tude du droit des droits humains.<\/p>\n\n\n\n<p>Apr\u00e8s une introduction \u00e0 l\u2019analyse critique du concept d\u2019universalisme, le&nbsp;<strong>cours g\u00e9n\u00e9ral<\/strong>&nbsp;sera l\u2019occasion d\u2019interroger certains m\u00e9canismes de droit civil au prisme du concept de genre, l\u2019histoire du droit international et son r\u00f4le au regard de l\u2019esclavage, les enjeux d\u2019intersectionnalit\u00e9 (genre &amp; religion) dans certaines interpr\u00e9tations du principe de la\u00efcit\u00e9, ou encore du droit des \u00e9trangers.<\/p>\n\n\n\n<p>Con\u00e7u et imagin\u00e9 collectivement par une \u00e9quipe d\u2019universitaires li\u00e9es au CREDOF, ce cours g\u00e9n\u00e9ral sera notamment assur\u00e9 par Elsa Fondimare, St\u00e9phanie Hennette-Vauchez, Laurie Marguet, Anne-Charlotte Martineau, Marc Pichard, Serge Slama.<\/p>\n\n\n\n<p>Au-del\u00e0 du cours g\u00e9n\u00e9ral, des&nbsp;<strong>s\u00e9minaires interdisciplinaires<\/strong>&nbsp;<strong>de m\u00e9thode<\/strong>&nbsp;assur\u00e9s par des chercheurs d\u2019autres disciplines (notamment, en \u00e9conomie, Thomas Piketty ; en philosophie, Estelle Ferrarese ; en sociologie, Caroline Ibos\u2026) apporteront diff\u00e9rents \u00e9clairages \u00e0 la r\u00e9flexion sur l\u2019objet \u00ab droits humains \u00bb. Enfin, des&nbsp;<strong>ateliers th\u00e9matiques et de lecture<\/strong>&nbsp;compl\u00e8tent le programme ; ils traitent par exemple de \u00ab &nbsp;l\u2019analyse de discours \u00bb (Jeanne de Gliniasty), de \u00ab droit et environnement \u00bb (Patricia Rrapi), de \u00ab libert\u00e9 d\u2019expression et libert\u00e9s acad\u00e9miques \u00bb (Thomas Hochmann).<\/p>\n\n\n\n<p>Diff\u00e9rents moments de&nbsp;<strong>d\u00e9bats<\/strong>&nbsp;et&nbsp;<strong>d\u2019\u00e9changes<\/strong>&nbsp;autour, notamment, de \ufb01lms documentaires compl\u00e8tent le programme. Au fil des cinq journ\u00e9es de travail, l\u2019objectif est donc d\u2019outiller et de renforcer l\u2019\u00e9tude des droits humains ; la r\u00e9flexion sera prolong\u00e9e par des d\u00e9bats sur les r\u00e9actions suscit\u00e9es par l\u2019utilisation de certains concepts et outils critiques dans les sciences sociales.<\/p>\n\n\n\n<p>La participation \u00e0 l\u2019\u00e9cole d\u2019\u00e9t\u00e9 est ouverte \u00e0 tous les doctorant.es et jeunes chercheurs.ses qui souhaitent approfondir leur formation m\u00e9thodologique \u00e0 l\u2019\u00e9tude des droits humains. Venez tenter l\u2019exp\u00e9rience !<\/p>\n\n\n\n<p><\/p>\n\n\n\n<p>Programme : <\/p>\n\n\n\n<h5 class=\"wp-block-heading has-text-align-center has-theme-palette-7-background-color has-background\">VENDREDI 26 AO\u00dbT MATIN\u00c9E : D\u00c9PLACEMENT ET INSTALLATION<\/h5>\n\n\n\n<h5 class=\"wp-block-heading has-text-align-center\">14H30-16H30 : COURS G\u00c9N\u00c9RAL : ELSA FONDIMARE, \u00ab L\u2019UNIVERSALISME R\u00c9PUBLICAIN CONTRE LES DIFF\u00c9RENCES ? D\u00c9CONSTRUIRE LE PRINCIPE D\u2019\u00c9GALIT\u00c9 \u00bb<\/h5>\n\n\n\n<h5 class=\"wp-block-heading has-text-align-center\">17H-18H30 : ATELIER : JEANNE DE GLINIASTY, \u00ab L\u2019ANALYSE DU DISCOURS JURIDIQUE COMME OUTIL CRITIQUE \u00bb<\/h5>\n\n\n\n<h5 class=\"wp-block-heading has-text-align-center\">20H30 : SOIR\u00c9E \/ D\u00ceNER ; PRISE DE CONNAISSANCE, PR\u00c9SENTATION DES TRAVAUX DES UN.ES ET DES AUTRES<\/h5>\n\n\n\n<h5 class=\"wp-block-heading has-text-align-center has-theme-palette-7-background-color has-background\">SAMEDI 27 AO\u00dbT<\/h5>\n\n\n\n<h5 class=\"wp-block-heading has-text-align-center\">9H-11H : COURS G\u00c9N\u00c9RAL : ANNE-CHARLOTTE MARTINEAU, \u00ab L\u2019HISTOIRE ET LA CRITIQUE DU DROIT INTERNATIONAL \/COMMENT L\u2019HISTOIRE PEUT-\u00caTRE UN OUTIL CRITIQUE\u00bb<\/h5>\n\n\n\n<h5 class=\"wp-block-heading has-text-align-center\">11H30-13H : SEMINAIRE DE M\u00c9THODOLOGIE : MARTINE KALUSZYNSKI \u00ab LES \u00c9COLES CRITIQUES ? HISTOIRE DES MOUVEMENTS CRITIQUES DU DROIT. \u00bb<\/h5>\n\n\n\n<h5 class=\"wp-block-heading has-text-align-center\">16H30-18H00 : FIRAS KONDAKJI, \u00abLES INITIATIVES D\u2019ACCUEIL DES EXIL\u00c9-E-S EN FRANCE, ENTRE ENJEUX ET LIMITES \u00bb<\/h5>\n\n\n\n<h5 class=\"wp-block-heading has-text-align-center\">14H30-16H00 : ATELIER : THOMAS HOCHMANN, \u00ab NE PEUT-ON VRAIMENT PLUS RIEN DIRE ? \u00bb<\/h5>\n\n\n\n<h5 class=\"wp-block-heading has-text-align-center\">DIMANCHE 28 AO\u00dbT MATIN\u00c9E LIBRE<\/h5>\n\n\n\n<h5 class=\"wp-block-heading has-text-align-center\">13H30-15H30 : COURS G\u00c9N\u00c9RAL : MARC PICHARD, \u00ab ANALYSE CRITIQUE DU DROIT CIVIL GR\u00c2CE AU CONCEPT DE GENRE \u00bb<\/h5>\n\n\n\n<h5 class=\"wp-block-heading has-text-align-center\">16H-17H30 : S\u00c9MINAIRE DE M\u00c9THODOLOGIE : CAROLINE IBOS, UNIVERSIT\u00c9 PARIS 8 (SOCIOLOGIE ; CARE, DOMESTICITI\u00c9S)<\/h5>\n\n\n\n<h5 class=\"wp-block-heading has-text-align-center\">SOIR : PROJECTION D\u2019UN DOCUMENTAIRE\/FILM OU D\u00c9BAT : AUTOUR DES ATTAQUES ET REMISES EN CAUSE DE L\u2019USAGE ACAD\u00c9MIQUE DE CERTAINS OUTILS CONCEPTUELS ET M\u00c9THODOLOGIQUES<\/h5>\n\n\n\n<h5 class=\"wp-block-heading has-text-align-center has-theme-palette-7-background-color has-background\">LUNDI 29 AO\u00dbT<\/h5>\n\n\n\n<h5 class=\"wp-block-heading has-text-align-center\">9H00-11H00 : COURS G\u00c9N\u00c9RAL : ST\u00c9PHANIE HENNETTE VAUCHEZ, \u00ab ANALYSE CRITIQUE DU R\u00c9GIME JURIDIQUE DE LA LA\u00cfCIT\u00c9 (GENRE ET INTERSECTIONNALIT\u00c9) \u00bb<\/h5>\n\n\n\n<h5 class=\"wp-block-heading has-text-align-center\">11H30 &#8211; 13H: LAURIE MARGUET \u00abDROIT COMPAR\u00c9 COMME OUTIL CRITIQUE \u00bb<\/h5>\n\n\n\n<h5 class=\"wp-block-heading has-text-align-center\">14H30-16H00 : ATELIER : PATRICIA RRAPI, \u00abLA PROTECTION DE L&rsquo;ENVIRONNEMENT EN TANT QUE DROIT FONDAMENTAL\u00bb<\/h5>\n\n\n\n<h5 class=\"wp-block-heading has-text-align-center\">18H-19H00 : SEMINAIRE DE M\u00c9THODOLOGIE : THOMAS PIKETTY SUR \u00ab PROPRI\u00c9TARISME ET DROITS HUMAINS \u00bb (EN VISIO).<\/h5>\n\n\n\n<h5 class=\"wp-block-heading has-text-align-center has-theme-palette-7-background-color has-background\">MARDI 30 AO\u00dbT<\/h5>\n\n\n\n<h5 class=\"wp-block-heading has-text-align-center\">9H00-11H00 : COURS G\u00c9N\u00c9RAL : SERGE SLAMA, \u00ab ANALYSE CRITIQUE DU DROIT DES \u00c9TRANGERS \u00bb<\/h5>\n\n\n\n<h5 class=\"wp-block-heading has-text-align-center\">11H30-13H00 : SEM DE M\u00c9THODOLOGIE : ESTELLE FERRARESE, \u00ab CRITIQUE MARXISTE DES DROITS HUMAINS. \u00bb<\/h5>\n\n\n\n<h5 class=\"wp-block-heading has-text-align-center\">PIQUE NIQUE ET D\u00c9PART.<\/h5>\n\n\n\n<h6 class=\"wp-block-heading\">INTERVENANT-E-S (DANS L\u2019ORDRE DE PASSAGE)<\/h6>\n\n\n\n<ul class=\"wp-block-list\">\n<li>Elsa Fondimare, droit public, ma\u00eetresse de conf\u00e9rences, Universit\u00e9 Paris Nanterre, CREDOF \u2013\u00a0<a href=\"mailto:elsa.fondimare@parisnanterre.fr\" target=\"_blank\" rel=\"noreferrer noopener\">elsa.fondimare@parisnanterre.fr<\/a><\/li>\n\n\n\n<li>Jeanne de Gliniasty, droit public, ma\u00eetresse de conf\u00e9rences, Universit\u00e9 Paris Nanterre, CREDOF \u2013\u00a0<a href=\"mailto:jeanne.degliniasty@parisnanterre.fr\" target=\"_blank\" rel=\"noreferrer noopener\">jeanne.degliniasty@parisnanterre.fr<\/a><\/li>\n\n\n\n<li>Anne-Charlotte Martineau, sociologie et sciences du droit, charg\u00e9e de recherche au CNRS, CTAD \u2013\u00a0<a href=\"mailto:anne-charlotte.martineau@cnrs.fr\" target=\"_blank\" rel=\"noreferrer noopener\">anne-charlotte.martineau@cnrs.fr<\/a><\/li>\n\n\n\n<li>Martine Kaluszynski, science politique, directrice de recherche au CNRS,\u00a0<a href=\"mailto:Martine.Kaluszynski@umrpacte.fr\" target=\"_blank\" rel=\"noreferrer noopener\">Martine.Kaluszynski@umrpacte.fr<\/a>\u00a0<\/li>\n\n\n\n<li>Firas Kondakji, droit international, doctorant \u00e0 l<strong>\u2019<\/strong>Universit\u00e9 Paris Nanterre,\u00a0b\u00e9n\u00e9ficiaire du programme PAUSE \u2013\u00a0<a href=\"mailto:firas.kondakji@gmail.com\" target=\"_blank\" rel=\"noreferrer noopener\">firas.kondakji@gmail.com<\/a><\/li>\n\n\n\n<li>Thomas Hochmann, droit public, professeur \u00e0 l\u2019Universit\u00e9 Paris Nanterre, CREDOF \u2013\u00a0<a href=\"mailto:thomas.hochmann@parisnanterre.fr\" target=\"_blank\" rel=\"noreferrer noopener\">thomas.hochmann@parisnanterre.fr<\/a><\/li>\n\n\n\n<li>Marc Pichard, droit priv\u00e9, professeur \u00e0 l\u2019Universit\u00e9 Paris Nanterre, Centre de droit civil des affaires et du contentieux \u00e9conomique (EA 3457), directeur adjoint de l\u2019Institut du Genre \u2013\u00a0<a href=\"mailto:marc.pichard@parisnanterre.fr\" target=\"_blank\" rel=\"noreferrer noopener\">marc.pichard@parisnanterre.fr<\/a><\/li>\n\n\n\n<li>Caroline Ibos, sociologie, professeure \u00e0 l\u2019Universit\u00e9 Paris 8 Vincennes Saint-Denis, d\u00e9partement d\u2019\u00e9tudes de genre\u00a0\u2013\u00a0<a href=\"mailto:caroline.ibos@gmail.com\" target=\"_blank\" rel=\"noreferrer noopener\">caroline.ibos@gmail.com<\/a><\/li>\n\n\n\n<li>St\u00e9phanie Hennette-Vauchez, droit public, professeur \u00e0 l\u2019Universit\u00e9 Paris Nanterre,\u00a0directrice du CREDOF, membre senior de l\u2019Institut universitaire de France \u2013\u00a0<a href=\"mailto:stephanie.hennette-vauchez@parisnanterre.fr\" target=\"_blank\" rel=\"noreferrer noopener\">stephanie.hennette-vauchez@parisnanterre.fr<\/a><\/li>\n\n\n\n<li>Laurie Marguet, droit public, ma\u00eetresse de conf\u00e9rences, Universit\u00e9 Paris-Est Cr\u00e9teil, laboratoire MIL \u2013<a href=\"mailto:laurie.marguet@parisnanterre.fr\" target=\"_blank\" rel=\"noreferrer noopener\">laurie.marguet@parisnanterre.fr<\/a><\/li>\n\n\n\n<li>Patricia Rrapi, droit Public, ma\u00eetresse de conf\u00e9rences, Universit\u00e9 Paris Nanterre, CREDOF\u00a0\u2013\u00a0p<a href=\"mailto:rrapi@parisnanterre.fr\">rrapi@parisnanterre.fr<\/a><\/li>\n\n\n\n<li>Thomas Piketty, \u00e9conomie, directeur d\u2019\u00e9tudes \u00e0 l\u2019<a href=\"http:\/\/www.ehess.fr\/\" target=\"_blank\" rel=\"noreferrer noopener\">Ecole des Hautes Etudes en Sciences Sociales<\/a>, professeur \u00e0 l\u2019<a href=\"http:\/\/www.parisschoolofeconomics.eu\/\" target=\"_blank\" rel=\"noreferrer noopener\">Ecole d\u2019\u00e9conomie de Paris\/Paris School of Economics<\/a><\/li>\n\n\n\n<li>Serge Slama, droit public, professeur \u00e0 l\u2019Universit\u00e9 de Grenoble-Alpes \u2013\u00a0<a href=\"mailto:serge.slama@univ-grenoble-alpes.fr\" target=\"_blank\" rel=\"noreferrer noopener\">serge.slama@univ-grenoble-alpes.fr<\/a><\/li>\n\n\n\n<li>Estelle Ferrarese, philosophie, professeure \u00e0 l\u2019Universit\u00e9 de Picardie Jules Verne, CURAPP-ESS \u2013\u00a0<a href=\"mailto:estelle.ferrarese@u-picardie.fr\" target=\"_blank\" rel=\"noreferrer noopener\">estelle.ferrarese@u-picardie.fr<\/a><\/li>\n<\/ul>\n","protected":false},"excerpt":{"rendered":"<p>Fort du succ\u00e8s de la premi\u00e8re \u00e9dition en&nbsp;ao\u00fbt&nbsp;2020 (articul\u00e9e \u00e0 la th\u00e9matique des \u00e9tats d\u2019urgence) le CREDOF (Centre de recherches et d\u2019\u00e9tudes sur droits fondamentaux) de l\u2019Universit\u00e9 Paris Nanterre&nbsp;renouvelle son \u00e9cole d\u2019\u00e9t\u00e9 des droits humains sur le th\u00e8me : \u00ab M\u00c9THODOLOGIES CRITIQUES DES DROITS HUMAINS \u00bb Les doctorant.es, docteur.es et jeunes chercheur.ses sont invit\u00e9.es, durant&#8230;<\/p>\n","protected":false},"author":1,"featured_media":0,"parent":0,"menu_order":0,"comment_status":"closed","ping_status":"closed","template":"","meta":{"_kad_blocks_custom_css":"","_kad_blocks_head_custom_js":"","_kad_blocks_body_custom_js":"","_kad_blocks_footer_custom_js":"","_kad_post_transparent":"","_kad_post_title":"","_kad_post_layout":"","_kad_post_sidebar_id":"","_kad_post_content_style":"","_kad_post_vertical_padding":"","_kad_post_feature":"","_kad_post_feature_position":"","_kad_post_header":false,"_kad_post_footer":false,"_kad_post_classname":"","footnotes":""},"class_list":["post-94","page","type-page","status-publish","hentry"],"taxonomy_info":[],"featured_image_src_large":false,"author_info":{"display_name":"admin","author_link":"https:\/\/ecoledetecredof.parisnanterre.fr\/index.php\/author\/hsergent\/"},"comment_info":0,"_links":{"self":[{"href":"https:\/\/ecoledetecredof.parisnanterre.fr\/index.php\/wp-json\/wp\/v2\/pages\/94","targetHints":{"allow":["GET"]}}],"collection":[{"href":"https:\/\/ecoledetecredof.parisnanterre.fr\/index.php\/wp-json\/wp\/v2\/pages"}],"about":[{"href":"https:\/\/ecoledetecredof.parisnanterre.fr\/index.php\/wp-json\/wp\/v2\/types\/page"}],"author":[{"embeddable":true,"href":"https:\/\/ecoledetecredof.parisnanterre.fr\/index.php\/wp-json\/wp\/v2\/users\/1"}],"replies":[{"embeddable":true,"href":"https:\/\/ecoledetecredof.parisnanterre.fr\/index.php\/wp-json\/wp\/v2\/comments?post=94"}],"version-history":[{"count":1,"href":"https:\/\/ecoledetecredof.parisnanterre.fr\/index.php\/wp-json\/wp\/v2\/pages\/94\/revisions"}],"predecessor-version":[{"id":95,"href":"https:\/\/ecoledetecredof.parisnanterre.fr\/index.php\/wp-json\/wp\/v2\/pages\/94\/revisions\/95"}],"wp:attachment":[{"href":"https:\/\/ecoledetecredof.parisnanterre.fr\/index.php\/wp-json\/wp\/v2\/media?parent=94"}],"curies":[{"name":"wp","href":"https:\/\/api.w.org\/{rel}","templated":true}]}}