{"id":172,"date":"2026-04-16T14:54:06","date_gmt":"2026-04-16T14:54:06","guid":{"rendered":"https:\/\/ecoledetecredof.parisnanterre.fr\/?page_id=172"},"modified":"2026-04-23T14:59:08","modified_gmt":"2026-04-23T14:59:08","slug":"ecole-thematique-2026-le-controle-juridictionnel-une-garantie-pour-les-droits-et-libertes","status":"publish","type":"page","link":"https:\/\/ecoledetecredof.parisnanterre.fr\/","title":{"rendered":"Ecole Th\u00e9matique 2026 : Le contr\u00f4le juridictionnel : une garantie pour les droits et libert\u00e9s ?"},"content":{"rendered":"<div class=\"wp-block-image\">\n<figure class=\"alignleft size-full is-resized\"><img loading=\"lazy\" decoding=\"async\" width=\"300\" height=\"127\" src=\"https:\/\/ecoledetecredof.parisnanterre.fr\/wp-content\/uploads\/2026\/04\/Logo-Ecole-dete-2026-1.png\" alt=\"\" class=\"wp-image-197\" style=\"aspect-ratio:2.3623006629636265;width:255px;height:auto\"\/><\/figure>\n<\/div>\n\n\n<p>Depuis 2020, le Centre de recherche et d\u2019\u00e9tudes sur les droits fondamentaux (CREDOF) de l\u2019Universit\u00e9 Paris Nanterre a organis\u00e9 trois \u00e9ditions d\u2019une <strong>\u00e9cole d\u2019\u00e9t\u00e9 interdisciplinaire<\/strong> <strong>sur les droits humains<\/strong>. La <strong>quatri\u00e8me \u00e9dition <\/strong>devrait se d\u00e9rouler du <strong>26 au 30 ao\u00fbt 2026 <\/strong>\u00e0 Noir\u00e9table (42440) et porter sur le th\u00e8me :<\/p>\n\n\n\n<p><\/p>\n\n\n\n<h2 class=\"wp-block-heading\">\u00ab Le contr\u00f4le juridictionnel : une garantie pour les droits et libert\u00e9s ? \u00bb<\/h2>\n\n\n\n<p><\/p>\n\n\n\n<p>A l\u2019heure o\u00f9 nombre de droits humains sont contest\u00e9s, soit dans leur effectivit\u00e9 soit dans leur l\u00e9gitimit\u00e9&nbsp;; \u00e0 l\u2019heure o\u00f9 ils figurent, en tant que tels, dans le viseur de nombre de formes autoritaires et ambigu\u00ebs de gouvernement qui se multiplient \u00e0 travers le monde&nbsp;; \u00e0 l\u2019heure o\u00f9 leur historiographie comme leurs justifications th\u00e9oriques sont profond\u00e9ment discut\u00e9es, <strong>le CREDOF propose&nbsp;une rencontre biennale (tous les deux ans) de formation et de r\u00e9flexion pour les doctorants sur l\u2019ensemble de ces questions et d\u00e9fis<\/strong>.<\/p>\n\n\n\n<p>Le format de l\u2019\u00e9cole th\u00e9matique est particuli\u00e8rement adapt\u00e9 \u00e0 l\u2019objet <strong>\u00ab&nbsp;droits humains&nbsp;\u00bb <\/strong>qui, par son caract\u00e8re transversal, ne se limite pas \u00e0 un espace g\u00e9ographique sp\u00e9cifique et dont l\u2019enti\u00e8re appr\u00e9hension emporte <strong>tous les domaines des sciences humaines et sociales <\/strong>\u2013th\u00e9orie politique, sociologie, histoire, science politique. L\u2019\u00e9cole d\u2019\u00e9t\u00e9 du CREDOF est la seule formation doctorale en France sp\u00e9cifique \u00e0 l\u2019ensemble des questions relatives aux droits humains qui r\u00e9unit des chercheurs en sciences humaines et sociales de tous horizons. Depuis 2020, elle contribue ainsi non seulement \u00e0faire advenir, en France, <strong>un espace d\u2019apprentissage et de r\u00e9flexion internationale et interdisciplinaire sur les droits humains<\/strong>, mais elle participe \u00e9galement \u00e0 la cr\u00e9ation d\u2019un <strong>r\u00e9seau de chercheurs de haut niveau<\/strong> initi\u00e9s \u00e0 ces questions.<\/p>\n\n\n\n<p><strong>Gratuite pour les doctorant.es<\/strong> qui sont s\u00e9lectionn\u00e9.es, cette \u00e9cole d\u2019\u00e9t\u00e9 permet aux futurs enseignant.es chercheurs\/ses int\u00e9ress\u00e9.es par les questions de droit humains d\u2019\u00eatre <strong>mis.es en relations avec d\u2019autres enseignant.es ou doctorant.es sp\u00e9cialistes<\/strong> de ces questions en leur ouvrant des perspectives de r\u00e9flexion originales <strong>hors des fronti\u00e8res nationales et disciplinaires<\/strong>.<\/p>\n\n\n\n<p><strong><em><u>Th\u00e8mes de l\u2019\u00e9dition 2026<\/u><\/em><\/strong> <strong><em><u><\/u><\/em><\/strong><\/p>\n\n\n\n<p>Le th\u00e8me <strong>d\u2019actualit\u00e9 sur les droits humains <\/strong>choisi pour l\u2019\u00e9dition 2026 est celui <strong>du r\u00f4le du contr\u00f4le juridictionnel dans la d\u00e9fense de l\u2019\u00c9tat de droit et des libert\u00e9s. <\/strong>L\u2019\u00c9cole sera l\u2019occasion de mener une r\u00e9flexion approfondie sur les diverses dimensions de ce contr\u00f4le juridictionnel en tant qu\u2019il a vocation \u00e0 prot\u00e9ger les droits fondamentaux, \u00e0 la fois du <strong>point de vue th\u00e9orique, m\u00e9thodologique et pratique.<\/strong><\/p>\n\n\n\n<p><strong><em><u>Programme pr\u00e9visionnel<\/u><\/em><\/strong><\/p>\n\n\n\n<p>Comme pour chaque \u00e9dition, les 5 jours sont organis\u00e9s de la mani\u00e8re suivante&nbsp;: <strong>la<\/strong> <strong>matin\u00e9e est consacr\u00e9e \u00e0 un enjeu particulier du th\u00e8me propos\u00e9 <\/strong>sous le double angle th\u00e9orique et m\u00e9thodologique, <strong>l\u2019apr\u00e8s-midi est d\u00e9di\u00e9e \u00e0 diff\u00e9rentes formes de mise en pratique<\/strong> dans une perspective d\u2019interaction entre les intervenants et les participants.<\/p>\n\n\n\n<p><strong><u>Matin\u00e9e&nbsp;:<\/u><\/strong><\/p>\n\n\n\n<ul class=\"wp-block-list\">\n<li><strong><u>Un cours g\u00e9n\u00e9ral d\u20191h30 dispens\u00e9 par deux chercheurs sp\u00e9cialistes des questions th\u00e9oriques que posent le th\u00e8me de l\u2019\u00e9dition<\/u><\/strong> (5 cours de 2h&nbsp;= 10h)<\/li>\n<\/ul>\n\n\n\n<p>Pour l\u2019\u00e9dition 2026, un.e ou plusieurs enseignant.es chercheur\/ses pr\u00e9sentent chaque matin un aspect particulier de la th\u00e9matique. Le cours g\u00e9n\u00e9ral de l\u2019\u00e9dition 2026 a ainsi vocation \u00e0 permettre aux auditeurs <strong>d\u2019appr\u00e9hender l\u2019ensemble des enjeux du contr\u00f4le juridictionnel des droits humains&nbsp;<\/strong>: Etat des lieux de la protection de nos libert\u00e9s par les juges du droit public en France (s\u00e9ance inaugurale, 26 ao\u00fbt), les grands moments de la protection juridictionnelle des libert\u00e9s (27 ao\u00fbt), le contr\u00f4le de proportionnalit\u00e9 (28 ao\u00fbt), les mod\u00e8les alternatifs de la protection des droits (29 ao\u00fbt), ou encore la comparaison des protection juridictionnelles en Europe (30 ao\u00fbt).<\/p>\n\n\n\n<ul class=\"wp-block-list\">\n<li><strong><u>Une formation m\u00e9thodologique \u00e0 la recherche sur les droits humains sollicitant des techniques et des disciplines extra-juridiques<\/u><\/strong> (total 4,5h)<\/li>\n<\/ul>\n\n\n\n<p>Elle convoque d\u2019autres disciplines et se d\u00e9cline chaque jour autour d\u2019approches diff\u00e9rentes comme la sociologie, les donn\u00e9es empiriques, l\u2019\u00e9pist\u00e9mologie, l\u2019histoire ou le droit compar\u00e9. Il est ainsi fait appel \u00e0 des sp\u00e9cialistes le plus souvent non juristes, capables d\u2019offrir une <strong>mise en perspective des droits humains<\/strong>. A cette fin, l\u2019intervention de certain.es chercheurs\/ses est d\u00e9j\u00e0 pr\u00e9vue&nbsp;:<\/p>\n\n\n\n<ul class=\"wp-block-list\">\n<li>Am\u00e9lie Imbert, histoire du droit (UGA)<\/li>\n\n\n\n<li>Antoine Vauchez (CNRS)<\/li>\n\n\n\n<li>Oona Le Meur, anthropologie du droit (ULB)<\/li>\n<\/ul>\n\n\n\n<p><strong><u>Apr\u00e8s-midi&nbsp;:<\/u><\/strong><\/p>\n\n\n\n<p>L\u2019apr\u00e8s-midi est consacr\u00e9 \u00e0 une <strong>mise en pratique des questions relatives aux contr\u00f4le juridictionnel des droits humains<\/strong> (\u00e0 raison de deux ateliers par apr\u00e8s-midi) dont les modalit\u00e9s alternerons entre :<\/p>\n\n\n\n<ul class=\"wp-block-list\">\n<li><strong>Un atelier pratique&nbsp;: <\/strong>le point de vue d\u2019un praticien. Thomas Giraud (JACI)<\/li>\n\n\n\n<li><strong>Une \u00e9tude de d\u00e9cisions<\/strong> (ou rapport du DDD)<\/li>\n\n\n\n<li><strong>Un<\/strong> <strong>ou plusieurs ateliers \u00ab&nbsp;\u00e9criture&nbsp;\u00bb<\/strong>&nbsp;: un.e doctorant.e pr\u00e9sente ses travaux et les difficult\u00e9s qu\u2019il ou elle a rencontr\u00e9 en rapport avec le processus de transformation des droits humains&nbsp;;<\/li>\n\n\n\n<li><strong>Un atelier \u00ab&nbsp;lecture&nbsp;\u00bb.<\/strong> A partir d\u2019une liste d\u2019ouvrages propos\u00e9e en amont de la semaine, s\u2019ouvrira une discussion-d\u00e9bat sur l\u2019un des ouvrages lus par les participants \u00e0 l\u2019atelier.<\/li>\n<\/ul>\n\n\n\n<p><strong>Le soir<\/strong>, apr\u00e8s le repas, des <strong>temps de rencontre<\/strong> sont pr\u00e9vus entre participants et intervenants, qui pourront \u00e9galement s\u2019organiser de fa\u00e7on plus formelle \u00e0 partir du visionnage d\u2019un film ou d\u2019un documentaire.<\/p>\n\n\n\n<p><strong><em><u>Liste des participants : <\/u><\/em><\/strong><\/p>\n\n\n\n<p><strong>Du CREDOF\/CNRS&nbsp;:<\/strong><\/p>\n\n\n\n<ul class=\"wp-block-list\">\n<li>St\u00e9phanie Hennette-Vauchez, UPN&nbsp;(CREDOF)<\/li>\n\n\n\n<li>Isabelle Boucobza, UPN&nbsp;(CREDOF)&nbsp;;<\/li>\n\n\n\n<li>Camille Ayn\u00e8s, UPN&nbsp;(CREDOF)&nbsp;<\/li>\n\n\n\n<li>Jeanne de Gliniasty, UPN&nbsp;(CREDOF)&nbsp;;<\/li>\n\n\n\n<li>Anne-Charlotte Martineau, CNRS&nbsp;;<\/li>\n\n\n\n<li>Romain Place, UPN&nbsp;(CREDOF)&nbsp;;<\/li>\n\n\n\n<li>Sophia Ayada, CNRS&nbsp;;<\/li>\n\n\n\n<li>Oona Le Meur, anthropologie du droit<\/li>\n\n\n\n<li>Serge Slama, UGA&nbsp;;<\/li>\n\n\n\n<li>Dorian Guinard, UGA ;<\/li>\n\n\n\n<li>Am\u00e9lie Imbert, Histoire du droit, Grenoble<\/li>\n\n\n\n<li>Antoine Vauchez, CNRS ;<\/li>\n\n\n\n<li>Thomas Giraud, JACI (\u00e0 confirmer)<\/li>\n<\/ul>\n\n\n\n<p><strong>Avec le soutien de : <\/strong><\/p>\n\n\n\n<div class=\"wp-block-group is-nowrap is-layout-flex wp-container-core-group-is-layout-ad2f72ca wp-block-group-is-layout-flex\">\n<figure class=\"wp-block-image size-full is-resized\"><img loading=\"lazy\" decoding=\"async\" width=\"472\" height=\"371\" src=\"https:\/\/ecoledetecredof.parisnanterre.fr\/wp-content\/uploads\/2026\/04\/credof-logo-1.png\" alt=\"\" class=\"wp-image-217\" style=\"width:184px;height:auto\" srcset=\"https:\/\/ecoledetecredof.parisnanterre.fr\/wp-content\/uploads\/2026\/04\/credof-logo-1.png 472w, https:\/\/ecoledetecredof.parisnanterre.fr\/wp-content\/uploads\/2026\/04\/credof-logo-1-300x236.png 300w\" sizes=\"auto, (max-width: 472px) 100vw, 472px\" \/><\/figure>\n\n\n\n<figure class=\"wp-block-image size-full is-resized\"><img loading=\"lazy\" decoding=\"async\" width=\"636\" height=\"197\" src=\"https:\/\/ecoledetecredof.parisnanterre.fr\/wp-content\/uploads\/2026\/04\/ed-dsp-dev-web-rvb-1-2.jpg\" alt=\"\" class=\"wp-image-216\" style=\"aspect-ratio:3.228588907014682;width:234px;height:auto\" srcset=\"https:\/\/ecoledetecredof.parisnanterre.fr\/wp-content\/uploads\/2026\/04\/ed-dsp-dev-web-rvb-1-2.jpg 636w, https:\/\/ecoledetecredof.parisnanterre.fr\/wp-content\/uploads\/2026\/04\/ed-dsp-dev-web-rvb-1-2-300x93.jpg 300w\" sizes=\"auto, (max-width: 636px) 100vw, 636px\" \/><\/figure>\n\n\n\n<figure class=\"wp-block-image size-full\"><img loading=\"lazy\" decoding=\"async\" width=\"600\" height=\"76\" src=\"https:\/\/ecoledetecredof.parisnanterre.fr\/wp-content\/uploads\/2026\/04\/logo-unisson-UPN-2.png\" alt=\"\" class=\"wp-image-220\" srcset=\"https:\/\/ecoledetecredof.parisnanterre.fr\/wp-content\/uploads\/2026\/04\/logo-unisson-UPN-2.png 600w, https:\/\/ecoledetecredof.parisnanterre.fr\/wp-content\/uploads\/2026\/04\/logo-unisson-UPN-2-300x38.png 300w\" sizes=\"auto, (max-width: 600px) 100vw, 600px\" \/><\/figure>\n<\/div>\n","protected":false},"excerpt":{"rendered":"<p>Depuis 2020, le Centre de recherche et d\u2019\u00e9tudes sur les droits fondamentaux (CREDOF) de l\u2019Universit\u00e9 Paris Nanterre a organis\u00e9 trois \u00e9ditions d\u2019une \u00e9cole d\u2019\u00e9t\u00e9 interdisciplinaire sur les droits humains. La quatri\u00e8me \u00e9dition devrait se d\u00e9rouler du 26 au 30 ao\u00fbt 2026 \u00e0 Noir\u00e9table (42440) et porter sur le th\u00e8me : \u00ab Le contr\u00f4le juridictionnel :&#8230;<\/p>\n","protected":false},"author":4,"featured_media":0,"parent":0,"menu_order":0,"comment_status":"closed","ping_status":"closed","template":"","meta":{"_kad_blocks_custom_css":"","_kad_blocks_head_custom_js":"","_kad_blocks_body_custom_js":"","_kad_blocks_footer_custom_js":"","_kad_post_transparent":"","_kad_post_title":"","_kad_post_layout":"","_kad_post_sidebar_id":"","_kad_post_content_style":"","_kad_post_vertical_padding":"","_kad_post_feature":"","_kad_post_feature_position":"","_kad_post_header":false,"_kad_post_footer":false,"_kad_post_classname":"","footnotes":""},"class_list":["post-172","page","type-page","status-publish","hentry"],"taxonomy_info":[],"featured_image_src_large":false,"author_info":{"display_name":"Elodie Ozenne","author_link":"https:\/\/ecoledetecredof.parisnanterre.fr\/index.php\/author\/eozenne\/"},"comment_info":0,"_links":{"self":[{"href":"https:\/\/ecoledetecredof.parisnanterre.fr\/index.php\/wp-json\/wp\/v2\/pages\/172","targetHints":{"allow":["GET"]}}],"collection":[{"href":"https:\/\/ecoledetecredof.parisnanterre.fr\/index.php\/wp-json\/wp\/v2\/pages"}],"about":[{"href":"https:\/\/ecoledetecredof.parisnanterre.fr\/index.php\/wp-json\/wp\/v2\/types\/page"}],"author":[{"embeddable":true,"href":"https:\/\/ecoledetecredof.parisnanterre.fr\/index.php\/wp-json\/wp\/v2\/users\/4"}],"replies":[{"embeddable":true,"href":"https:\/\/ecoledetecredof.parisnanterre.fr\/index.php\/wp-json\/wp\/v2\/comments?post=172"}],"version-history":[{"count":11,"href":"https:\/\/ecoledetecredof.parisnanterre.fr\/index.php\/wp-json\/wp\/v2\/pages\/172\/revisions"}],"predecessor-version":[{"id":224,"href":"https:\/\/ecoledetecredof.parisnanterre.fr\/index.php\/wp-json\/wp\/v2\/pages\/172\/revisions\/224"}],"wp:attachment":[{"href":"https:\/\/ecoledetecredof.parisnanterre.fr\/index.php\/wp-json\/wp\/v2\/media?parent=172"}],"curies":[{"name":"wp","href":"https:\/\/api.w.org\/{rel}","templated":true}]}}